{"id":211,"date":"2024-03-13T17:44:53","date_gmt":"2024-03-13T16:44:53","guid":{"rendered":"https:\/\/gummies.konikhair.eu\/?page_id=211"},"modified":"2024-07-19T15:18:36","modified_gmt":"2024-07-19T13:18:36","slug":"polityka-prywatnosci","status":"publish","type":"page","link":"https:\/\/gummies.konikhair.eu\/de\/polityka-prywatnosci\/","title":{"rendered":"Datenschutzbestimmungen"},"content":{"rendered":"<div data-elementor-type=\"wp-page\" data-elementor-id=\"211\" class=\"elementor elementor-211\" data-elementor-post-type=\"page\">\n\t\t\t\t\t\t<section class=\"elementor-section elementor-top-section elementor-element elementor-element-a9053ee elementor-section-boxed elementor-section-height-default elementor-section-height-default\" data-id=\"a9053ee\" data-element_type=\"section\">\n\t\t\t\t\t\t<div class=\"elementor-container elementor-column-gap-default\">\n\t\t\t\t\t<div class=\"elementor-column elementor-col-100 elementor-top-column elementor-element elementor-element-35ac1d7\" data-id=\"35ac1d7\" data-element_type=\"column\">\n\t\t\t<div class=\"elementor-widget-wrap elementor-element-populated\">\n\t\t\t\t\t\t<div class=\"elementor-element elementor-element-68f7599 elementor-widget elementor-widget-text-editor\" data-id=\"68f7599\" data-element_type=\"widget\" data-widget_type=\"text-editor.default\">\n\t\t\t\t<div class=\"elementor-widget-container\">\n\t\t\t<style>\/*! elementor - v3.22.0 - 26-06-2024 *\/\n.elementor-widget-text-editor.elementor-drop-cap-view-stacked .elementor-drop-cap{background-color:#69727d;color:#fff}.elementor-widget-text-editor.elementor-drop-cap-view-framed .elementor-drop-cap{color:#69727d;border:3px solid;background-color:transparent}.elementor-widget-text-editor:not(.elementor-drop-cap-view-default) .elementor-drop-cap{margin-top:8px}.elementor-widget-text-editor:not(.elementor-drop-cap-view-default) .elementor-drop-cap-letter{width:1em;height:1em}.elementor-widget-text-editor .elementor-drop-cap{float:left;text-align:center;line-height:1;font-size:50px}.elementor-widget-text-editor .elementor-drop-cap-letter{display:inline-block}<\/style>\t\t\t\t<p><b>DATENSCHUTZERKL\u00c4RUNG VON M&amp;N KONIK SHOP<\/b><\/p><p><span style=\"font-weight: 400;\">Diese Datenschutzrichtlinie (im Folgenden: \"<\/span><b>Politik<\/b><span style=\"font-weight: 400;\">\") enth\u00e4lt Informationen \u00fcber die Verarbeitung Ihrer personenbezogenen Daten im Zusammenhang mit der Nutzung des Online-Shops ,,<\/span><b>M&amp;N KONIK''<\/b><span style=\"font-weight: 400;\">die unter der Internetadresse https:\/\/gummies.konikhair.eu\/ (im Folgenden: \"<\/span><b>Shop<\/b><span style=\"font-weight: 400;\">\").\u00a0<\/span><\/p><p>\u00a0<\/p><p><span style=\"font-weight: 400;\">Alle in Gro\u00dfbuchstaben geschriebenen Begriffe, die in der Police nicht anderweitig definiert sind, haben die Bedeutung, die ihnen in den Allgemeinen Gesch\u00e4ftsbedingungen gegeben wird, die Sie unter https:\/\/gummies.konikhair.eu\/regulamin\/<\/span><\/p><p>\u00a0<\/p><p><b>Verantwortlicher f\u00fcr personenbezogene Daten<\/b><\/p><p>\u00a0<\/p><p><span style=\"font-weight: 400;\">Der Verwalter Ihrer pers\u00f6nlichen Daten ist das Ein-Personen-Unternehmen KONIK Language Center Magdalena Kopacz mit Sitz in G\u0142og\u00f3w (Adresse: ul.Okr\u0119\u017cna 35b, 67-200 G\u0142og\u00f3w), mit der NIP: 6932012973, REGON-Nummer: 020847732, (im Folgenden: \"<\/span><b>Verwalter<\/b><span style=\"font-weight: 400;\">\").<\/span><\/p><p>\u00a0<\/p><p><b>Kontakt mit dem Verwalter<\/b><\/p><p>\u00a0<\/p><p><span style=\"font-weight: 400;\">F\u00fcr alle Fragen im Zusammenhang mit der Verarbeitung Ihrer personenbezogenen Daten k\u00f6nnen Sie sich an den f\u00fcr die Verarbeitung Verantwortlichen wenden:<\/span><\/p><ol><li style=\"font-weight: 400;\" aria-level=\"1\"><span style=\"font-weight: 400;\">e-mail - unter: ecom.konikhair@gmail.com;<\/span><\/li><li style=\"font-weight: 400;\" aria-level=\"1\"><span style=\"font-weight: 400;\">per Post - unter der Adresse: Okr\u0119\u017cna 35b, 67-200 G\u0142og\u00f3w;<\/span><\/li><li style=\"font-weight: 400;\" aria-level=\"1\"><span style=\"font-weight: 400;\">Telefon: +48 737 387 902.<\/span><\/li><\/ol><p>\u00a0<\/p><p><b>Ma\u00dfnahmen zum Schutz der Daten<\/b><\/p><p>\u00a0<\/p><p><span style=\"font-weight: 400;\">Der f\u00fcr die Verarbeitung Verantwortliche wendet moderne organisatorische und technische Garantien an, um den bestm\u00f6glichen Schutz Ihrer personenbezogenen Daten zu gew\u00e4hrleisten, und stellt sicher, dass die Verarbeitung im Einklang mit den Bestimmungen der Verordnung (EU) 2016\/679 des Europ\u00e4ischen Parlaments und des Rates vom 27. April 2016 zum Schutz nat\u00fcrlicher Personen bei der Verarbeitung personenbezogener Daten, zum freien Datenverkehr und zur Aufhebung der Richtlinie 95\/46\/EG (Datenschutz-Grundverordnung) (im Folgenden: \"<\/span><b>RODO<\/b><span style=\"font-weight: 400;\">\"), das Datenschutzgesetz vom 10. Mai 2018 und andere Datenschutzgesetze.<\/span><\/p><p>\u00a0<\/p><p><b>Informationen \u00fcber verarbeitete personenbezogene Daten<\/b><\/p><p>\u00a0<\/p><p><span style=\"font-weight: 400;\">Die Nutzung des Shops erfordert die Verarbeitung Ihrer personenbezogenen Daten. Nachfolgend finden Sie ausf\u00fchrliche Informationen \u00fcber die Zwecke und Rechtsgrundlagen der Verarbeitung sowie die Dauer der Verarbeitung und die Verpflichtung oder Freiwilligkeit der Bereitstellung.<\/span><\/p><table><tbody><tr><td colspan=\"4\">\u00a0<\/td><\/tr><tr><td><p><b>Zweck der Verarbeitung<\/b><\/p><\/td><td colspan=\"2\"><p><b>Verarbeitete personenbezogene Daten<\/b><\/p><\/td><td><p><b>Rechtsgrundlage<\/b><\/p><\/td><\/tr><tr><td><p><span style=\"font-weight: 400;\">Abschluss und Ausf\u00fchrung des Vertrags \u00fcber die Erbringung der Kontodienstleistung<\/span><\/p><\/td><td colspan=\"2\"><ol><li style=\"font-weight: 400;\" aria-level=\"1\"><span style=\"font-weight: 400;\">Name<\/span><\/li><li style=\"font-weight: 400;\" aria-level=\"1\"><span style=\"font-weight: 400;\">E-Mail Adresse<\/span><\/li><\/ol><p><span style=\"font-weight: 400;\">3. Rufnummer<\/span><\/p><\/td><td><p><span style=\"font-weight: 400;\">Artikel 6 Absatz 1 Buchstabe b) RODO\u00a0<\/span><\/p><br \/><p><span style=\"font-weight: 400;\">(die Verarbeitung ist f\u00fcr die Erf\u00fcllung des mit der betroffenen Person geschlossenen Vertrags \u00fcber die Erbringung der Kontodienstleistung oder f\u00fcr die Durchf\u00fchrung von Ma\u00dfnahmen zum Abschluss des Vertrags erforderlich)<\/span><\/p><\/td><\/tr><tr><td colspan=\"4\"><p><span style=\"font-weight: 400;\">Die Bereitstellung der oben genannten personenbezogenen Daten ist eine Voraussetzung f\u00fcr den Abschluss und die Erf\u00fcllung des Vertrags \u00fcber die Bereitstellung des Kontodienstes (die Bereitstellung dieser Daten ist freiwillig, aber die Nichtbereitstellung hat zur Folge, dass der oben genannte Vertrag, einschlie\u00dflich der Einrichtung des Kontos, nicht abgeschlossen und erf\u00fcllt werden kann).<\/span><\/p><br \/><p><span style=\"font-weight: 400;\">Der Verwalter verarbeitet die vorgenannten personenbezogenen Daten bis zur Verj\u00e4hrung von Anspr\u00fcchen aus dem Vertrag zur Erbringung des Kontodienstes.<\/span><\/p><\/td><\/tr><tr><td colspan=\"4\"><br \/><br \/><\/td><\/tr><tr><td><p><b>Zweck der Verarbeitung<\/b><\/p><\/td><td colspan=\"2\"><p><b>Verarbeitete personenbezogene Daten<\/b><\/p><\/td><td><p><b>Rechtsgrundlage<\/b><\/p><\/td><\/tr><tr><td><p><span style=\"font-weight: 400;\">Abschluss und Durchf\u00fchrung des Kaufvertrags\u00a0<\/span><\/p><\/td><td colspan=\"2\"><ol><li style=\"font-weight: 400;\" aria-level=\"1\"><span style=\"font-weight: 400;\">Name<\/span><\/li><li style=\"font-weight: 400;\" aria-level=\"1\"><span style=\"font-weight: 400;\">E-Mail Adresse<\/span><\/li><li style=\"font-weight: 400;\" aria-level=\"1\"><span style=\"font-weight: 400;\">Rufnummer<\/span><\/li><li style=\"font-weight: 400;\" aria-level=\"1\"><span style=\"font-weight: 400;\">Anschrift des Wohn-\/Gesch\u00e4ftssitzes (Stra\u00dfe, Hausnummer, Wohnungsnummer, Ort, Postleitzahl, Land)<\/span><\/li><li style=\"font-weight: 400;\" aria-level=\"1\"><span style=\"font-weight: 400;\">Lieferadresse (falls abweichend von der Wohn-\/Gesch\u00e4ftsadresse)<\/span><\/li><li style=\"font-weight: 400;\" aria-level=\"1\"><span style=\"font-weight: 400;\">Fakultativ - Firmenname und Umsatzsteuernummer (wenn der K\u00e4ufer ein Unternehmer oder ein Unternehmer mit Rechten eines Verbrauchers ist)<\/span><\/li><\/ol><\/td><td><p><span style=\"font-weight: 400;\">Artikel 6 Absatz 1 Buchstabe b) RODO\u00a0<\/span><\/p><br \/><p><span style=\"font-weight: 400;\">(die Verarbeitung ist f\u00fcr die Erf\u00fcllung des mit der betroffenen Person geschlossenen Kaufvertrags oder f\u00fcr die Einleitung von Schritten zu dessen Abschluss erforderlich)<\/span><\/p><\/td><\/tr><tr><td colspan=\"4\"><p><span style=\"font-weight: 400;\">Die Bereitstellung der vorgenannten personenbezogenen Daten ist Voraussetzung f\u00fcr den Abschluss und die Durchf\u00fchrung des Kaufvertrags (die Bereitstellung dieser Daten ist freiwillig, die Nichtbereitstellung dieser Daten hat jedoch zur Folge, dass der Kaufvertrag nicht abgeschlossen und durchgef\u00fchrt werden kann).\u00a0<\/span><\/p><br \/><p><span style=\"font-weight: 400;\">Der Verwalter wird die oben genannten personenbezogenen Daten bis zur Verj\u00e4hrung von Anspr\u00fcchen aus dem Kaufvertrag verarbeiten.<\/span><\/p><\/td><\/tr><tr><td colspan=\"4\"><br \/><br \/><\/td><\/tr><tr><td><p><b>Zweck der Verarbeitung<\/b><\/p><\/td><td colspan=\"2\"><p><b>Verarbeitete personenbezogene Daten<\/b><\/p><\/td><td><p><b>Rechtsgrundlage<\/b><\/p><\/td><\/tr><tr><td><p><span style=\"font-weight: 400;\">Abschluss und Erf\u00fcllung eines Vertrags \u00fcber die entgeltliche Lieferung digitaler G\u00fcter<\/span><\/p><\/td><td colspan=\"2\"><ol><li style=\"font-weight: 400;\" aria-level=\"1\"><span style=\"font-weight: 400;\">Name<\/span><\/li><li style=\"font-weight: 400;\" aria-level=\"1\"><span style=\"font-weight: 400;\">E-Mail Adresse<\/span><\/li><li style=\"font-weight: 400;\" aria-level=\"1\"><span style=\"font-weight: 400;\">Rufnummer<\/span><\/li><li style=\"font-weight: 400;\" aria-level=\"1\"><span style=\"font-weight: 400;\">Anschrift des Wohn-\/Gesch\u00e4ftssitzes (Stra\u00dfe, Hausnummer, Wohnungsnummer, Ort, Postleitzahl, Land)<\/span><\/li><li style=\"font-weight: 400;\" aria-level=\"1\"><span style=\"font-weight: 400;\">Fakultativ - Firmenname und Umsatzsteuernummer (wenn der K\u00e4ufer ein Unternehmer oder ein Unternehmer mit Rechten eines Verbrauchers ist)<\/span><\/li><\/ol><\/td><td><p><span style=\"font-weight: 400;\">Artikel 6 Absatz 1 Buchstabe b) RODO\u00a0<\/span><\/p><br \/><p><span style=\"font-weight: 400;\">(die Verarbeitung ist f\u00fcr die Erf\u00fcllung eines mit der betroffenen Person geschlossenen entgeltlichen Vertrags \u00fcber die Lieferung digitaler Waren oder f\u00fcr die Einleitung von Ma\u00dfnahmen zum Abschluss eines solchen Vertrags erforderlich)<\/span><\/p><\/td><\/tr><tr><td colspan=\"4\"><p><span style=\"font-weight: 400;\">Die Bereitstellung der oben genannten personenbezogenen Daten ist eine Voraussetzung f\u00fcr den Abschluss und die Erf\u00fcllung des Vertrags \u00fcber entgeltliche digitale G\u00fcter (die Bereitstellung dieser Daten ist freiwillig, aber die Nichtbereitstellung dieser Daten hat zur Folge, dass der Vertrag \u00fcber entgeltliche digitale G\u00fcter nicht abgeschlossen und erf\u00fcllt werden kann).\u00a0<\/span><\/p><br \/><p><span style=\"font-weight: 400;\">Der Verwalter verarbeitet die vorgenannten personenbezogenen Daten bis zur Verj\u00e4hrung von Anspr\u00fcchen aus dem bezahlten Vertrag \u00fcber digitale G\u00fcter.\u00a0<\/span><\/p><\/td><\/tr><tr><td colspan=\"4\"><br \/><br \/><\/td><\/tr><tr><td><p><b>Zweck der Verarbeitung<\/b><\/p><\/td><td colspan=\"2\"><p><b>Verarbeitete personenbezogene Daten<\/b><\/p><\/td><td><p><b>Rechtsgrundlage<\/b><\/p><\/td><\/tr><tr><td><p><span style=\"font-weight: 400;\">Abschluss und Durchf\u00fchrung des Vertrags \u00fcber die kostenlose Lieferung digitaler G\u00fcter<\/span><\/p><\/td><td colspan=\"2\"><p><span style=\"font-weight: 400;\">E-Mail Adresse<\/span><\/p><\/td><td><p><span style=\"font-weight: 400;\">Artikel 6 Absatz 1 Buchstabe b) RODO\u00a0<\/span><\/p><br \/><p><span style=\"font-weight: 400;\">(die Verarbeitung ist f\u00fcr die Erf\u00fcllung des mit der betroffenen Person geschlossenen Vertrags \u00fcber unentgeltliche \u00dcberlassung digitaler Waren oder f\u00fcr die Einleitung von Schritten zu dessen Abschluss erforderlich)<\/span><\/p><\/td><\/tr><tr><td colspan=\"4\"><p><span style=\"font-weight: 400;\">Die Bereitstellung der oben genannten personenbezogenen Daten ist eine Voraussetzung f\u00fcr den Abschluss und die Erf\u00fcllung des Vertrags \u00fcber kostenlose digitale G\u00fcter (die Bereitstellung dieser Daten ist freiwillig, die Nichtbereitstellung dieser Daten hat jedoch zur Folge, dass der Vertrag \u00fcber kostenlose digitale G\u00fcter nicht abgeschlossen und erf\u00fcllt werden kann).\u00a0<\/span><\/p><br \/><p><span style=\"font-weight: 400;\">Der Verwalter wird die oben genannten personenbezogenen Daten bis zur Verj\u00e4hrung von Anspr\u00fcchen aus dem Vertrag \u00fcber unentgeltliche digitale G\u00fcter verarbeiten.\u00a0<\/span><\/p><\/td><\/tr><tr><td colspan=\"4\"><br \/><br \/><\/td><\/tr><tr><td><p><b>Zweck der Verarbeitung<\/b><\/p><\/td><td colspan=\"2\"><p><b>Verarbeitete personenbezogene Daten<\/b><\/p><\/td><td><p><b>Rechtsgrundlage<\/b><\/p><\/td><\/tr><tr><td><p><span style=\"font-weight: 400;\">Abschluss und Unterzeichnung der Newsletter-Liefervereinbarung<\/span><\/p><\/td><td colspan=\"2\"><p><span style=\"font-weight: 400;\">E-Mail Adresse<\/span><\/p><\/td><td><p><span style=\"font-weight: 400;\">Artikel 6 Absatz 1 Buchstabe b) RODO\u00a0<\/span><\/p><br \/><p><span style=\"font-weight: 400;\">(die Verarbeitung ist f\u00fcr die Durchf\u00fchrung des mit der betroffenen Person geschlossenen Newsletter-Liefervertrags oder f\u00fcr die Einleitung von Schritten zu dessen Abschluss erforderlich)<\/span><\/p><br \/><p><span style=\"font-weight: 400;\">und<\/span><\/p><br \/><p><span style=\"font-weight: 400;\">Artikel 6 Absatz 1 Buchstabe f) RODO<\/span><\/p><br \/><p><span style=\"font-weight: 400;\">(die Verarbeitung ist f\u00fcr das berechtigte Interesse des Verwalters erforderlich, in diesem Fall, um \u00fcber Neuigkeiten und Sonderangebote im Shop zu informieren)<\/span><\/p><\/td><\/tr><tr><td colspan=\"4\"><p><span style=\"font-weight: 400;\">Die Angabe der vorgenannten personenbezogenen Daten ist freiwillig, aber notwendig, um den Newsletter zu erhalten (die Nichtangabe dieser Daten hat zur Folge, dass der Newsletter nicht empfangen werden kann).<\/span><\/p><br \/><p><span style=\"font-weight: 400;\">Der Administrator verarbeitet die vorgenannten personenbezogenen Daten so lange, bis ein erfolgreicher Widerspruch eingelegt oder der Zweck der Verarbeitung erreicht wurde oder bis zur Verj\u00e4hrung von Anspr\u00fcchen aus dem Newsletter-Liefervertrag (je nachdem, was zuerst eintritt).<\/span><\/p><\/td><\/tr><tr><td colspan=\"4\"><br \/><br \/><\/td><\/tr><tr><td><p><b>Zweck der Verarbeitung<\/b><\/p><\/td><td colspan=\"2\"><p><b>Verarbeitete personenbezogene Daten<\/b><\/p><\/td><td><p><b>Rechtsgrundlage<\/b><\/p><\/td><\/tr><tr><td><p><span style=\"font-weight: 400;\">Durchf\u00fchrung des Beschwerdeverfahrens\u00a0<\/span><\/p><\/td><td colspan=\"2\"><ol><li style=\"font-weight: 400;\" aria-level=\"1\"><span style=\"font-weight: 400;\">Name<\/span><\/li><li style=\"font-weight: 400;\" aria-level=\"1\"><span style=\"font-weight: 400;\">E-Mail Adresse<\/span><\/li><\/ol><\/td><td><p><span style=\"font-weight: 400;\">Artikel 6 Absatz 1 Buchstabe c) RODO<\/span><\/p><br \/><p><span style=\"font-weight: 400;\">(Die Verarbeitung ist f\u00fcr die Erf\u00fcllung einer rechtlichen Verpflichtung erforderlich, die dem Verwalter obliegt, in diesem Fall Verpflichtungen:<\/span><\/p><ul><li style=\"font-weight: 400;\" aria-level=\"1\"><span style=\"font-weight: 400;\">auf eine Beschwerde zu reagieren - Artikel 7a des Gesetzes \u00fcber Verbraucherrechte;<\/span><\/li><li style=\"font-weight: 400;\" aria-level=\"1\"><span style=\"font-weight: 400;\">die Aus\u00fcbung der Rechte des Kunden gem\u00e4\u00df den Bestimmungen \u00fcber die Haftung des Verwalters im Falle der Nicht\u00fcbereinstimmung der physischen Waren mit dem Kaufvertrag oder der digitalen Waren mit dem sie betreffenden Vertrag)<\/span><\/li><\/ul><\/td><\/tr><tr><td colspan=\"4\"><p><span style=\"font-weight: 400;\">Die Bereitstellung der oben genannten personenbezogenen Daten ist Voraussetzung f\u00fcr den Erhalt einer Antwort auf eine Reklamation oder die Aus\u00fcbung der Rechte des Kunden gem\u00e4\u00df den Bestimmungen \u00fcber die Haftung des Verwalters im Falle der Nicht\u00fcbereinstimmung der physischen Ware mit dem Kaufvertrag oder des digitalen Produkts mit dem diesbez\u00fcglichen Vertrag (ihre Bereitstellung ist freiwillig, aber die Folge der Nichtbereitstellung ist die Unm\u00f6glichkeit, eine Antwort auf eine Reklamation zu erhalten und die oben genannten Rechte auszu\u00fcben).<\/span><\/p><br \/><p><span style=\"font-weight: 400;\">Der Verwalter verarbeitet die vorgenannten personenbezogenen Daten f\u00fcr die Dauer des Beschwerdeverfahrens und im Falle der Aus\u00fcbung der vorgenannten Rechte des Kunden bis zu deren Ablauf.<\/span><\/p><\/td><\/tr><tr><td colspan=\"4\"><br \/><br \/><\/td><\/tr><tr><td><p><b>Zweck der Verarbeitung<\/b><\/p><\/td><td colspan=\"2\"><p><b>Verarbeitete personenbezogene Daten<\/b><\/p><\/td><td><p><b>Rechtsgrundlage<\/b><\/p><\/td><\/tr><tr><td><p><span style=\"font-weight: 400;\">Durchf\u00fchrung von \u00dcberpr\u00fcfungsverfahren und Bearbeitung von Einspr\u00fcchen gegen Entscheidungen zum Umgang mit inakzeptablen Inhalten\u00a0<\/span><\/p><\/td><td colspan=\"2\"><ol><li style=\"font-weight: 400;\" aria-level=\"1\"><span style=\"font-weight: 400;\">Name\/Name,<\/span><\/li><li style=\"font-weight: 400;\" aria-level=\"1\"><span style=\"font-weight: 400;\">Kontaktangaben, einschlie\u00dflich E-Mail-Adresse<\/span><\/li><\/ol><\/td><td><p><span style=\"font-weight: 400;\">Artikel 6 Absatz 1 Buchstabe c) RODO<\/span><\/p><br \/><p><span style=\"font-weight: 400;\">(Die Verarbeitung ist f\u00fcr die Erf\u00fcllung einer rechtlichen Verpflichtung erforderlich, die dem Verwalter obliegt, in diesem Fall Verpflichtungen:<\/span><\/p><ul><li style=\"font-weight: 400;\" aria-level=\"1\"><span style=\"font-weight: 400;\">einen Mechanismus zur Meldung inakzeptabler Inhalte vorsehen (Artikel 16 der Verordnung 2022\/2065 \u00fcber den digitalen Binnenmarkt f\u00fcr Dienstleistungen und zur \u00c4nderung der Richtlinie 2000\/31\/EG (Gesetz \u00fcber digitale Dienstleistungen) (im Folgenden: \"<\/span><b>DSA<\/b><span style=\"font-weight: 400;\">\"),<\/span><\/li><li style=\"font-weight: 400;\" aria-level=\"1\"><span style=\"font-weight: 400;\">Bearbeitung von Beschwerden (Artikel 20 DSA).<\/span><\/li><\/ul><\/td><\/tr><tr><td colspan=\"4\"><p><span style=\"font-weight: 400;\">Die Bereitstellung der oben genannten personenbezogenen Daten ist Voraussetzung f\u00fcr den Erhalt einer Antwort auf eine Anfrage oder f\u00fcr die Aus\u00fcbung der Rechte des Nutzers gem\u00e4\u00df den DSA-Bestimmungen (die Bereitstellung dieser Daten ist freiwillig, aber die Folge der Nichtbereitstellung dieser Daten ist die Unm\u00f6glichkeit, eine Antwort auf die Anfrage zu erhalten und die oben genannten Rechte auszu\u00fcben).<\/span><\/p><br \/><p><span style=\"font-weight: 400;\">Der Verwalter verarbeitet die vorgenannten personenbezogenen Daten f\u00fcr die Dauer des Beschwerdeverfahrens und im Falle der Aus\u00fcbung der vorgenannten Rechte des Nutzers bis zu deren Erl\u00f6schen.<\/span><\/p><\/td><\/tr><tr><td colspan=\"2\">\u00a0<\/td><\/tr><tr><td colspan=\"2\">\u00a0<\/td><\/tr><tr><td colspan=\"2\">\u00a0<\/td><\/tr><tr><td><p><b>Zweck der Verarbeitung<\/b><\/p><\/td><td colspan=\"2\"><p><b>Verarbeitete personenbezogene Daten<\/b><\/p><\/td><td><p><b>Rechtsgrundlage<\/b><\/p><\/td><\/tr><tr><td><p><span style=\"font-weight: 400;\">Versenden von E-Mail-Benachrichtigungen\u00a0<\/span><\/p><\/td><td colspan=\"2\"><p><span style=\"font-weight: 400;\">E-Mail Adresse<\/span><\/p><\/td><td><p><span style=\"font-weight: 400;\">Artikel 6 Absatz 1 Buchstabe f) RODO<\/span><\/p><br \/><p><span style=\"font-weight: 400;\">(die Verarbeitung ist zur Wahrung der berechtigten Interessen des Verwalters erforderlich, u. a. zur Information der Kunden \u00fcber Aktivit\u00e4ten, die im Zusammenhang mit der Erf\u00fcllung der mit den Kunden geschlossenen Vertr\u00e4ge durchgef\u00fchrt werden)<\/span><\/p><\/td><\/tr><tr><td colspan=\"4\"><p><span style=\"font-weight: 400;\">Die Angabe der oben genannten personenbezogenen Daten ist freiwillig, aber notwendig, um Informationen \u00fcber Aktivit\u00e4ten im Zusammenhang mit der Ausf\u00fchrung der mit den Kunden geschlossenen Vertr\u00e4ge zu erhalten (die Nichtangabe dieser Daten hat zur Folge, dass die oben genannten Informationen nicht empfangen werden k\u00f6nnen).<\/span><\/p><br \/><p><span style=\"font-weight: 400;\">Der f\u00fcr die Verarbeitung Verantwortliche wird die oben genannten personenbezogenen Daten so lange verarbeiten, bis Sie erfolgreich Widerspruch eingelegt haben oder der Zweck der Verarbeitung erreicht ist (je nachdem, was zuerst eintritt).<\/span><\/p><\/td><\/tr><tr><td colspan=\"4\"><br \/><br \/><\/td><\/tr><tr><td><p><b>Zweck der Verarbeitung<\/b><\/p><\/td><td colspan=\"2\"><p><b>Verarbeitete personenbezogene Daten<\/b><\/p><\/td><td><p><b>Rechtsgrundlage<\/b><\/p><\/td><\/tr><tr><td><p><span style=\"font-weight: 400;\">Bearbeitung von Kundenanfragen<\/span><\/p><\/td><td colspan=\"2\"><ol><li style=\"font-weight: 400;\" aria-level=\"1\"><span style=\"font-weight: 400;\">Name\u00a0<\/span><\/li><li style=\"font-weight: 400;\" aria-level=\"1\"><span style=\"font-weight: 400;\">E-Mail Adresse<\/span><\/li><\/ol><ol><li style=\"font-weight: 400;\" aria-level=\"1\"><span style=\"font-weight: 400;\">andere in der Nachricht enthaltene Daten an den Administrator<\/span><\/li><\/ol><\/td><td><p><span style=\"font-weight: 400;\">Artikel 6 Absatz 1 Buchstabe f) RODO<\/span><\/p><br \/><p><span style=\"font-weight: 400;\">(die Verarbeitung ist f\u00fcr das berechtigte Interesse des Verwalters erforderlich, in diesem Fall zur Beantwortung einer eingegangenen Anfrage)<\/span><\/p><\/td><\/tr><tr><td colspan=\"4\"><p><span style=\"font-weight: 400;\">Die Bereitstellung der oben genannten personenbezogenen Daten ist freiwillig, aber notwendig, um eine Antwort auf die Anfrage zu erhalten (die Nichtbereitstellung dieser Daten hat zur Folge, dass die Anfrage nicht beantwortet werden kann).<\/span><\/p><br \/><p><span style=\"font-weight: 400;\">Der f\u00fcr die Verarbeitung Verantwortliche wird die oben genannten personenbezogenen Daten so lange verarbeiten, bis Sie erfolgreich Widerspruch eingelegt haben oder der Zweck der Verarbeitung erreicht ist (je nachdem, was zuerst eintritt).<\/span><\/p><\/td><\/tr><tr><td colspan=\"4\"><br \/><br \/><\/td><\/tr><tr><td><p><b>Zweck der Verarbeitung<\/b><\/p><\/td><td colspan=\"2\"><p><b>Verarbeitete personenbezogene Daten<\/b><\/p><\/td><td><p><b>Rechtsgrundlage<\/b><\/p><\/td><\/tr><tr><td><p><span style=\"font-weight: 400;\">Bereitstellung von Waren \u00dcberpr\u00fcfungen<\/span><\/p><\/td><td colspan=\"2\"><ol><li style=\"font-weight: 400;\" aria-level=\"1\"><span style=\"font-weight: 400;\">Name\u00a0<\/span><\/li><li style=\"font-weight: 400;\" aria-level=\"1\"><span style=\"font-weight: 400;\">gegebenenfalls andere in der Stellungnahme enthaltene Daten\u00a0<\/span><\/li><\/ol><\/td><td><p><span style=\"font-weight: 400;\">Artikel 6 Absatz 1 Buchstabe f) RODO<\/span><\/p><br \/><p><span style=\"font-weight: 400;\">(die Verarbeitung ist f\u00fcr das berechtigte Interesse des Verwalters erforderlich, in diesem Fall, um die Stellungnahme zu Informations- und Werbezwecken zur Verf\u00fcgung zu stellen)<\/span><\/p><\/td><\/tr><tr><td colspan=\"4\"><p><span style=\"font-weight: 400;\">Die Angabe der oben genannten personenbezogenen Daten ist freiwillig, aber f\u00fcr das Hochladen der Stellungnahme erforderlich (die Nichtangabe dieser Daten f\u00fchrt dazu, dass die Stellungnahme nicht hochgeladen werden kann).<\/span><\/p><br \/><p><span style=\"font-weight: 400;\">Der f\u00fcr die Verarbeitung Verantwortliche wird die oben genannten personenbezogenen Daten so lange verarbeiten, bis Sie erfolgreich Widerspruch eingelegt haben oder der Zweck der Verarbeitung erreicht ist (je nachdem, was zuerst eintritt).<\/span><\/p><\/td><\/tr><tr><td colspan=\"4\"><br \/><br \/><\/td><\/tr><tr><td><p><b>Zweck der Verarbeitung<\/b><\/p><\/td><td colspan=\"2\"><p><b>Verarbeitete personenbezogene Daten<\/b><\/p><\/td><td><p><b>Rechtsgrundlage<\/b><\/p><\/td><\/tr><tr><td><p><span style=\"font-weight: 400;\">Information der Kunden \u00fcber die Verf\u00fcgbarkeit von bisher nicht erh\u00e4ltlichen Waren<\/span><\/p><\/td><td colspan=\"2\"><p><span style=\"font-weight: 400;\">E-Mail Adresse<\/span><\/p><\/td><td><p><span style=\"font-weight: 400;\">Artikel 6 Absatz 1 Buchstabe f) RODO<\/span><\/p><br \/><p><span style=\"font-weight: 400;\">(die Verarbeitung ist f\u00fcr das berechtigte Interesse des Verwalters erforderlich, in diesem Fall, um Kunden \u00fcber die Verf\u00fcgbarkeit von zuvor nicht erh\u00e4ltlichen Waren zu informieren)<\/span><\/p><\/td><\/tr><tr><td colspan=\"4\"><p><span style=\"font-weight: 400;\">Die Angabe der oben genannten personenbezogenen Daten ist freiwillig, aber notwendig, um eine Benachrichtigung \u00fcber die Verf\u00fcgbarkeit von zuvor nicht verf\u00fcgbaren Waren zu erhalten (die Nichtangabe dieser Daten hat zur Folge, dass die oben genannte Benachrichtigung nicht empfangen werden kann).\u00a0<\/span><\/p><br \/><p><span style=\"font-weight: 400;\">Der f\u00fcr die Verarbeitung Verantwortliche wird die oben genannten personenbezogenen Daten so lange verarbeiten, bis Sie erfolgreich Widerspruch eingelegt haben oder der Zweck der Verarbeitung erreicht ist (je nachdem, was zuerst eintritt).<\/span><\/p><\/td><\/tr><tr><td colspan=\"4\"><br \/><br \/><\/td><\/tr><tr><td><p><b>Zweck der Verarbeitung<\/b><\/p><\/td><td colspan=\"2\"><p><b>Verarbeitete personenbezogene Daten<\/b><\/p><\/td><td><p><b>Rechtsgrundlage<\/b><\/p><\/td><\/tr><tr><td><p><span style=\"font-weight: 400;\">Erf\u00fcllung der steuerlichen Pflichten (z. B. Ausstellen einer MwSt.-Rechnung, F\u00fchren von Buchhaltungsunterlagen)<\/span><\/p><\/td><td colspan=\"2\"><ol><li style=\"font-weight: 400;\" aria-level=\"1\"><span style=\"font-weight: 400;\">Name\/Firma<\/span><\/li><li style=\"font-weight: 400;\" aria-level=\"1\"><span style=\"font-weight: 400;\">Wohnadresse\/Wohnsitzadresse<\/span><\/li><li style=\"font-weight: 400;\" aria-level=\"1\"><span style=\"font-weight: 400;\">NIP<\/span><\/li><\/ol><\/td><td><p><span style=\"font-weight: 400;\">Artikel 6 Absatz 1 Buchstabe c) RODO\u00a0<\/span><\/p><br \/><p><span style=\"font-weight: 400;\">(die Verarbeitung ist f\u00fcr die Erf\u00fcllung einer dem Verwalter obliegenden rechtlichen Verpflichtung erforderlich, in diesem Fall der steuerrechtlichen Verpflichtungen)<\/span><\/p><\/td><\/tr><tr><td colspan=\"4\"><p><span style=\"font-weight: 400;\">Die Bereitstellung der oben genannten personenbezogenen Daten ist freiwillig, aber notwendig, damit der Verwalter seinen steuerlichen Verpflichtungen nachkommen kann (die Nichtbereitstellung hat zur Folge, dass der Verwalter den oben genannten Verpflichtungen nicht nachkommen kann).<\/span><\/p><br \/><p><span style=\"font-weight: 400;\">Der f\u00fcr die Verarbeitung Verantwortliche wird die oben genannten personenbezogenen Daten w\u00e4hrend eines Zeitraums von 5 Jahren ab dem Ende des Jahres verarbeiten, in dem die Frist f\u00fcr die Zahlung der Steuern f\u00fcr das Vorjahr abgelaufen ist.<\/span><\/p><\/td><\/tr><tr><td><br \/><br \/><\/td><td colspan=\"2\">\u00a0<\/td><td>\u00a0<\/td><\/tr><tr><td><p><b>Zweck der Verarbeitung<\/b><\/p><\/td><td colspan=\"2\"><p><b>Verarbeitete personenbezogene Daten<\/b><\/p><\/td><td><p><b>Rechtsgrundlage<\/b><\/p><\/td><\/tr><tr><td><p><span style=\"font-weight: 400;\">Einhaltung der Datenschutzverpflichtungen<\/span><\/p><\/td><td colspan=\"2\"><ol><li style=\"font-weight: 400;\" aria-level=\"1\"><span style=\"font-weight: 400;\">Name<\/span><\/li><li style=\"font-weight: 400;\" aria-level=\"1\"><span style=\"font-weight: 400;\">die von Ihnen angegebenen Kontaktinformationen (E-Mail-Adresse, Postanschrift, Telefonnummer)<\/span><\/li><\/ol><\/td><td><p><span style=\"font-weight: 400;\">Artikel 6 Absatz 1 Buchstabe c) RODO\u00a0<\/span><\/p><br \/><p><span style=\"font-weight: 400;\">(die Verarbeitung ist f\u00fcr die Erf\u00fcllung einer rechtlichen Verpflichtung erforderlich, die dem f\u00fcr die Verarbeitung Verantwortlichen obliegt, in diesem Fall Verpflichtungen aus den Datenschutzvorschriften)<\/span><\/p><\/td><\/tr><tr><td colspan=\"4\"><p><span style=\"font-weight: 400;\">Die Bereitstellung der oben genannten personenbezogenen Daten ist freiwillig, aber notwendig, damit der Verwalter seine datenschutzrechtlichen Verpflichtungen ordnungsgem\u00e4\u00df erf\u00fcllen kann, einschlie\u00dflich der Aus\u00fcbung der Ihnen durch die RODO gew\u00e4hrten Rechte (die Nichtbereitstellung der oben genannten Daten hat zur Folge, dass die oben genannten Rechte nicht ordnungsgem\u00e4\u00df ausge\u00fcbt werden k\u00f6nnen).<\/span><\/p><br \/><p><span style=\"font-weight: 400;\">Der f\u00fcr die Verarbeitung Verantwortliche wird die oben genannten personenbezogenen Daten bis zum Ablauf der Verj\u00e4hrungsfristen f\u00fcr Anspr\u00fcche wegen Verletzung der Datenschutzvorschriften verarbeiten.<\/span><\/p><\/td><\/tr><tr><td><br \/><br \/><\/td><td colspan=\"2\">\u00a0<\/td><td>\u00a0<\/td><\/tr><tr><td><p><b>Zweck der Verarbeitung<\/b><\/p><\/td><td colspan=\"2\"><p><b>Verarbeitete personenbezogene Daten<\/b><\/p><\/td><td><p><b>Rechtsgrundlage<\/b><\/p><\/td><\/tr><tr><td><p><span style=\"font-weight: 400;\">Feststellung, Geltendmachung oder Abwehr von Anspr\u00fcchen<\/span><\/p><\/td><td colspan=\"2\"><ol><li style=\"font-weight: 400;\" aria-level=\"1\"><span style=\"font-weight: 400;\">Name\/Firma<\/span><\/li><li style=\"font-weight: 400;\" aria-level=\"1\"><span style=\"font-weight: 400;\">E-Mail Adresse<\/span><\/li><li style=\"font-weight: 400;\" aria-level=\"1\"><span style=\"font-weight: 400;\">Wohnadresse\/Wohnsitzadresse<\/span><\/li><li style=\"font-weight: 400;\" aria-level=\"1\"><span style=\"font-weight: 400;\">PESEL-Nummer<\/span><\/li><li style=\"font-weight: 400;\" aria-level=\"1\"><span style=\"font-weight: 400;\">NIP<\/span><\/li><\/ol><\/td><td><p><span style=\"font-weight: 400;\">Artikel 6 Absatz 1 Buchstabe f) RODO<\/span><\/p><br \/><p><span style=\"font-weight: 400;\">(die Verarbeitung ist zur Wahrung der berechtigten Interessen des Verwalters erforderlich, u. a. f\u00fcr die Feststellung, Untersuchung oder Abwehr von Anspr\u00fcchen, die im Zusammenhang mit der Erf\u00fcllung der mit dem Verwalter geschlossenen Vertr\u00e4ge entstehen k\u00f6nnen)<\/span><\/p><\/td><\/tr><tr><td colspan=\"4\"><p><span style=\"font-weight: 400;\">Die Bereitstellung der oben genannten personenbezogenen Daten ist freiwillig, aber notwendig, um Anspr\u00fcche zu begr\u00fcnden, geltend zu machen oder abzuwehren, die im Zusammenhang mit der Erf\u00fcllung der mit dem Verwalter geschlossenen Vertr\u00e4ge entstehen k\u00f6nnen (die Nichtbereitstellung der oben genannten Daten hat zur Folge, dass der Verwalter nicht in der Lage ist, die oben genannten Ma\u00dfnahmen zu ergreifen)<\/span><\/p><br \/><p><span style=\"font-weight: 400;\">Der Verwalter verarbeitet die vorgenannten personenbezogenen Daten bis zum Ablauf der Verj\u00e4hrungsfristen f\u00fcr Anspr\u00fcche, die im Zusammenhang mit der Erf\u00fcllung der mit dem Verwalter geschlossenen Vertr\u00e4ge entstehen k\u00f6nnen.<\/span><\/p><\/td><\/tr><tr><td><br \/><br \/><\/td><td colspan=\"2\">\u00a0<\/td><td>\u00a0<\/td><\/tr><tr><td><p><b>Zweck der Verarbeitung<\/b><\/p><\/td><td colspan=\"2\"><p><b>Verarbeitete personenbezogene Daten<\/b><\/p><\/td><td><p><b>Rechtsgrundlage<\/b><\/p><\/td><\/tr><tr><td><p><span style=\"font-weight: 400;\">Analyse der Aktivit\u00e4t Ihres Gesch\u00e4fts<\/span><\/p><\/td><td colspan=\"2\"><ol><li style=\"font-weight: 400;\" aria-level=\"1\"><span style=\"font-weight: 400;\">Datum und Uhrzeit des Besuchs\u00a0<\/span><\/li><li style=\"font-weight: 400;\" aria-level=\"1\"><span style=\"font-weight: 400;\">die IP-Nummer des Ger\u00e4ts<\/span><\/li><li style=\"font-weight: 400;\" aria-level=\"1\"><span style=\"font-weight: 400;\">Art des Betriebssystems des Ger\u00e4ts<\/span><\/li><li style=\"font-weight: 400;\" aria-level=\"1\"><span style=\"font-weight: 400;\">ungef\u00e4hre Position<\/span><\/li><li style=\"font-weight: 400;\" aria-level=\"1\"><span style=\"font-weight: 400;\">Typ des Webbrowsers<\/span><\/li><li style=\"font-weight: 400;\" aria-level=\"1\"><span style=\"font-weight: 400;\">im Gesch\u00e4ft verbrachte Zeit<\/span><\/li><li style=\"font-weight: 400;\" aria-level=\"1\"><span style=\"font-weight: 400;\">Gesehene Waren<\/span><\/li><li style=\"font-weight: 400;\" aria-level=\"1\"><span style=\"font-weight: 400;\">besuchte Seiten und andere Aktionen im Shop<\/span><\/li><\/ol><\/td><td><p><span style=\"font-weight: 400;\">Artikel 6 Absatz 1 Buchstabe f) RODO<\/span><\/p><br \/><p><span style=\"font-weight: 400;\">(die Verarbeitung ist f\u00fcr das berechtigte Interesse des Verwalters erforderlich, in diesem Fall um Informationen \u00fcber Ihre Aktivit\u00e4ten im Shop zu erhalten)<\/span><\/p><\/td><\/tr><tr><td colspan=\"4\"><p><span style=\"font-weight: 400;\">Die Angabe der oben genannten pers\u00f6nlichen Daten ist freiwillig, aber notwendig, damit der Verwalter Informationen \u00fcber Ihre T\u00e4tigkeit im Shop erhalten kann (die Nichtangabe hat zur Folge, dass der Verwalter die oben genannten Informationen nicht erhalten kann).<\/span><\/p><br \/><p><span style=\"font-weight: 400;\">Der f\u00fcr die Verarbeitung Verantwortliche wird die oben genannten personenbezogenen Daten so lange verarbeiten, bis ein erfolgreicher Widerspruch eingelegt wird oder der Zweck der Verarbeitung erreicht ist.<\/span><\/p><\/td><\/tr><tr><td><br \/><br \/><\/td><td colspan=\"2\">\u00a0<\/td><td>\u00a0<\/td><\/tr><tr><td><p><b>Zweck der Verarbeitung<\/b><\/p><\/td><td colspan=\"2\"><p><b>Verarbeitete personenbezogene Daten<\/b><\/p><\/td><td><p><b>Rechtsgrundlage<\/b><\/p><\/td><\/tr><tr><td><p><span style=\"font-weight: 400;\">Shop-Verwaltung<\/span><\/p><\/td><td colspan=\"2\"><ol><li style=\"font-weight: 400;\" aria-level=\"1\"><span style=\"font-weight: 400;\">IP-Adresse<\/span><\/li><li style=\"font-weight: 400;\" aria-level=\"1\"><span style=\"font-weight: 400;\">Datum und Uhrzeit des Servers<\/span><\/li><li style=\"font-weight: 400;\" aria-level=\"1\"><span style=\"font-weight: 400;\">Browser-Informationen<\/span><\/li><li style=\"font-weight: 400;\" aria-level=\"1\"><span style=\"font-weight: 400;\">Informationen \u00fcber das Betriebssystem<\/span><\/li><\/ol><br \/><p><span style=\"font-weight: 400;\">Die vorgenannten Daten werden bei jeder Nutzung des Shops automatisch in sog. Server-Logs gespeichert (eine Verwaltung des Shops ohne die Verwendung von Server-Logs und automatischer Speicherung w\u00e4re nicht m\u00f6glich).<\/span><\/p><\/td><td><p><span style=\"font-weight: 400;\">Artikel 6 Absatz 1 Buchstabe f) RODO<\/span><\/p><br \/><p><span style=\"font-weight: 400;\">(die Verarbeitung ist f\u00fcr das berechtigte Interesse des Verwalters erforderlich, in diesem Fall, um den ordnungsgem\u00e4\u00dfen Betrieb des Shops zu gew\u00e4hrleisten)<\/span><\/p><\/td><\/tr><tr><td colspan=\"4\"><p><span style=\"font-weight: 400;\">Die Bereitstellung der oben genannten personenbezogenen Daten ist freiwillig, aber notwendig, um den ordnungsgem\u00e4\u00dfen Betrieb des Shops zu gew\u00e4hrleisten (die Nichtbereitstellung dieser Daten hat zur Folge, dass der ordnungsgem\u00e4\u00dfe Betrieb des Shops nicht gew\u00e4hrleistet werden kann).<\/span><\/p><br \/><p><span style=\"font-weight: 400;\">Der f\u00fcr die Verarbeitung Verantwortliche wird die oben genannten personenbezogenen Daten so lange verarbeiten, bis ein erfolgreicher Widerspruch eingelegt wird oder der Zweck der Verarbeitung erreicht ist.<\/span><\/p><\/td><\/tr><\/tbody><\/table><p>\u00a0<\/p><p><b>Profilierung<\/b><\/p><p>\u00a0<\/p><p><span style=\"font-weight: 400;\">Um Ihr Profil f\u00fcr Marketingzwecke zu erstellen und Ihnen auf Ihre Pr\u00e4ferenzen zugeschnittene Direktwerbung zukommen zu lassen, wird der Verwalter Ihre personenbezogenen Daten mit automatisierten Mitteln, einschlie\u00dflich Profiling, verarbeiten - dies wird jedoch keine rechtlichen Auswirkungen auf Sie haben oder Sie in \u00e4hnlicher Weise wesentlich beeintr\u00e4chtigen.<\/span><\/p><p>\u00a0<\/p><p><span style=\"font-weight: 400;\">Der Umfang der personenbezogenen Daten, die profiliert werden, entspricht dem, was oben in Bezug auf die Analyse Ihrer Aktivit\u00e4ten im Shop und der Daten, die Sie in Ihrem Konto speichern, angegeben wurde.<\/span><\/p><p>\u00a0<\/p><p><span style=\"font-weight: 400;\">Die Rechtsgrundlage f\u00fcr die Verarbeitung personenbezogener Daten f\u00fcr den oben genannten Zweck ist Artikel 6 Absatz 1 Buchstabe f der DSGVO, wonach der Verwalter personenbezogene Daten zur Verfolgung seines berechtigten Interesses verarbeiten darf, in diesem Fall zur Durchf\u00fchrung von Marketingaktivit\u00e4ten, die auf die Pr\u00e4ferenzen der Empf\u00e4nger zugeschnitten sind. Die Bereitstellung der oben genannten personenbezogenen Daten ist freiwillig, aber f\u00fcr die Verwirklichung des oben genannten Zwecks erforderlich (die Nichtbereitstellung hat zur Folge, dass der Verwalter keine auf die Pr\u00e4ferenzen der Empf\u00e4nger zugeschnittenen Marketingaktivit\u00e4ten durchf\u00fchren kann).<\/span><\/p><p>\u00a0<\/p><p><span style=\"font-weight: 400;\">Der f\u00fcr die Verarbeitung Verantwortliche wird personenbezogene Daten f\u00fcr Profilingzwecke verarbeiten, bis Sie erfolgreich widersprechen oder der Zweck der Verarbeitung erreicht ist.<\/span><\/p><p>\u00a0<\/p><p><b>Empf\u00e4nger von personenbezogenen Daten<\/b><\/p><p>\u00a0<\/p><p><span style=\"font-weight: 400;\">Die folgenden externen Einrichtungen, die mit dem Verwalter zusammenarbeiten, sind die Empf\u00e4nger der personenbezogenen Daten:<\/span><\/p><p>\u00a0<\/p><ol><li style=\"font-weight: 400;\" aria-level=\"1\"><span style=\"font-weight: 400;\">Hosting-Unternehmen;<\/span><\/li><li style=\"font-weight: 400;\" aria-level=\"1\"><span style=\"font-weight: 400;\">Logistikunternehmen und Kurierdienste;<\/span><\/li><li style=\"font-weight: 400;\" aria-level=\"1\"><span style=\"font-weight: 400;\">Anbieter von Online-Zahlungssystemen;<\/span><\/li><li style=\"font-weight: 400;\" aria-level=\"1\"><span style=\"font-weight: 400;\">Newsletter-Dienstleister;<\/span><\/li><li style=\"font-weight: 400;\" aria-level=\"1\"><span style=\"font-weight: 400;\">Unternehmen, die Tools zur Analyse der Aktivit\u00e4ten im Shop und zum Direktmarketing f\u00fcr die Nutzer bereitstellen (z. B. Google Analytics);<\/span><\/li><li style=\"font-weight: 400;\" aria-level=\"1\"><span style=\"font-weight: 400;\">ein Unternehmen f\u00fcr Buchhaltungsdienstleistungen;<\/span><\/li><li style=\"font-weight: 400;\" aria-level=\"1\"><span style=\"font-weight: 400;\">Shop-Administrator;<\/span><\/li><li style=\"font-weight: 400;\" aria-level=\"1\"><span style=\"font-weight: 400;\">Mitarbeiter, die f\u00fcr die Vorbereitung und den Versand der Bestellung verantwortlich sind.<\/span><\/li><\/ol><p>\u00a0<\/p><p><span style=\"font-weight: 400;\">Dar\u00fcber hinaus k\u00f6nnen personenbezogene Daten auch an \u00f6ffentliche oder private Stellen weitergegeben werden, wenn sich eine solche Verpflichtung aus allgemein geltenden Gesetzen, einem rechtskr\u00e4ftigen Gerichtsurteil oder einer g\u00fcltigen Verwaltungsentscheidung ergibt.\u00a0<\/span><\/p><p>\u00a0<\/p><p><b>\u00dcbermittlung von personenbezogenen Daten in ein Drittland<\/b><\/p><p>\u00a0<\/p><p><span style=\"font-weight: 400;\">Im Zusammenhang mit der Nutzung der von Google LLC bereitgestellten Dienste durch den Administrator k\u00f6nnen Ihre personenbezogenen Daten in die folgenden Drittl\u00e4nder \u00fcbermittelt werden: Gro\u00dfbritannien, Kanada, USA, Chile, Brasilien, Israel, Saudi Arabien, Katar, Indien, China, S\u00fcdkorea, Japan, Singapur, Taiwan (Republik China), Indonesien und Australien. Die Grundlage f\u00fcr die \u00dcbermittlung von Daten in die vorgenannten Drittl\u00e4nder ist:<\/span><\/p><p>\u00a0<\/p><ul><li style=\"font-weight: 400;\" aria-level=\"1\"><span style=\"font-weight: 400;\">im Falle des Vereinigten K\u00f6nigreichs, Kanadas, Israels, Japans und S\u00fcdkoreas Entscheidungen der Europ\u00e4ischen Kommission, in denen ein angemessenes Schutzniveau f\u00fcr personenbezogene Daten in jedem der vorgenannten Drittl\u00e4nder festgestellt wird;<\/span><\/li><li style=\"font-weight: 400;\" aria-level=\"1\"><span style=\"font-weight: 400;\">im Falle der USA der Durchf\u00fchrungsbeschluss (EU) 2023\/1795 der Kommission vom 10. Juli 2023 gem\u00e4\u00df der Verordnung (EU) 2016\/679 des Europ\u00e4ischen Parlaments und des Rates, mit dem ein angemessenes Schutzniveau f\u00fcr personenbezogene Daten im Rahmen des Datenschutzes zwischen der EU und den USA festgestellt wird;<\/span><\/li><li style=\"font-weight: 400;\" aria-level=\"1\"><span style=\"font-weight: 400;\">f\u00fcr Chile, Brasilien, Saudi-Arabien, Katar, Indien, China, Singapur, Taiwan (Republik China), Indonesien und Australien Vertragsklauseln, die ein angemessenes Schutzniveau im Einklang mit den Standardvertragsklauseln gem\u00e4\u00df dem Durchf\u00fchrungsbeschluss (EU) 2021\/914 der Kommission vom 4. Juni 2021 \u00fcber Standardvertragsklauseln f\u00fcr die \u00dcbermittlung personenbezogener Daten in Drittl\u00e4nder gem\u00e4\u00df der Verordnung (EU) 2016\/679 des Europ\u00e4ischen Parlaments und des Rates bieten.<\/span><\/li><\/ul><p>\u00a0<\/p><p><span style=\"font-weight: 400;\">Sie k\u00f6nnen von dem f\u00fcr die Verarbeitung Verantwortlichen eine Kopie der in ein Drittland \u00fcbermittelten Daten erhalten.<\/span><\/p><p>\u00a0<\/p><p><b>Berechtigungen<\/b><\/p><p>\u00a0<\/p><p><span style=\"font-weight: 400;\">Im Zusammenhang mit der Verarbeitung Ihrer personenbezogenen Daten haben Sie die folgenden Rechte:<\/span><\/p><p>\u00a0<\/p><ol><li style=\"font-weight: 400;\" aria-level=\"1\"><span style=\"font-weight: 400;\">das Recht, dar\u00fcber informiert zu werden, welche Sie betreffenden personenbezogenen Daten vom Verwalter verarbeitet werden, und eine Kopie dieser Daten zu erhalten (das sogenannte Auskunftsrecht). Die Ausstellung der ersten Kopie der Daten ist kostenlos, f\u00fcr weitere Kopien kann der Verwalter eine Geb\u00fchr erheben;<\/span><\/li><li style=\"font-weight: 400;\" aria-level=\"1\"><span style=\"font-weight: 400;\">wenn die verarbeiteten Daten veraltet oder unvollst\u00e4ndig (oder anderweitig unrichtig) sind, haben Sie das Recht, eine Berichtigung zu verlangen;<\/span><\/li><li style=\"font-weight: 400;\" aria-level=\"1\"><span style=\"font-weight: 400;\">In bestimmten Situationen k\u00f6nnen Sie den Administrator bitten, Ihre personenbezogenen Daten zu l\u00f6schen, z. B. wenn:<\/span><ol><li style=\"font-weight: 400;\" aria-level=\"2\"><span style=\"font-weight: 400;\">die Daten werden vom Verwalter nicht mehr f\u00fcr die Zwecke ben\u00f6tigt, \u00fcber die er Sie informiert hat;<\/span><\/li><li style=\"font-weight: 400;\" aria-level=\"2\"><span style=\"font-weight: 400;\">Sie haben Ihre Einwilligung zur Verarbeitung der Daten wirksam widerrufen - es sei denn, der f\u00fcr die Verarbeitung Verantwortliche ist berechtigt, die Daten auf einer anderen Rechtsgrundlage zu verarbeiten;\u00a0<\/span><\/li><li style=\"font-weight: 400;\" aria-level=\"2\"><span style=\"font-weight: 400;\">die Verarbeitung ist unrechtm\u00e4\u00dfig;<\/span><\/li><li style=\"font-weight: 400;\" aria-level=\"2\"><span style=\"font-weight: 400;\">die Notwendigkeit, die Daten zu l\u00f6schen, ergibt sich aus einer rechtlichen Verpflichtung des f\u00fcr die Verarbeitung Verantwortlichen;<\/span><\/li><\/ol><\/li><li style=\"font-weight: 400;\" aria-level=\"1\"><span style=\"font-weight: 400;\">Wenn Ihre personenbezogenen Daten von dem f\u00fcr die Verarbeitung Verantwortlichen auf der Grundlage Ihrer Zustimmung zur Verarbeitung oder zur Erf\u00fcllung eines Vertrags mit dem f\u00fcr die Verarbeitung Verantwortlichen verarbeitet werden, haben Sie das Recht, Ihre Daten an einen anderen f\u00fcr die Verarbeitung Verantwortlichen zu \u00fcbermitteln;<\/span><\/li><li style=\"font-weight: 400;\" aria-level=\"1\"><span style=\"font-weight: 400;\">Werden personenbezogene Daten vom Verwalter auf der Grundlage Ihrer Einwilligung zur Verarbeitung verarbeitet, haben Sie das Recht, diese Einwilligung jederzeit zu widerrufen (der Widerruf der Einwilligung ber\u00fchrt nicht die Rechtm\u00e4\u00dfigkeit der Verarbeitung, die auf der Grundlage der Einwilligung vor deren Widerruf erfolgt ist);<\/span><\/li><li style=\"font-weight: 400;\" aria-level=\"1\"><span style=\"font-weight: 400;\">wenn Sie der Ansicht sind, dass die verarbeiteten personenbezogenen Daten unrichtig sind, die Verarbeitung unrechtm\u00e4\u00dfig ist oder der Verwalter bestimmte Daten nicht mehr ben\u00f6tigt, k\u00f6nnen Sie verlangen, dass der Verwalter f\u00fcr einen bestimmten, notwendigen Zeitraum (z. B. zur \u00dcberpr\u00fcfung der Richtigkeit der Daten oder zur Geltendmachung von Anspr\u00fcchen) keine Datenverarbeitung vornimmt, sondern die Daten lediglich speichert;<\/span><\/li><li style=\"font-weight: 400;\" aria-level=\"1\"><span style=\"font-weight: 400;\">Sie haben das Recht, der Verarbeitung personenbezogener Daten auf der Grundlage der berechtigten Interessen des Verwalters zu widersprechen. Wenn Sie erfolgreich Widerspruch einlegen, wird der Verwalter die Verarbeitung Ihrer personenbezogenen Daten f\u00fcr den oben genannten Zweck einstellen;<\/span><\/li><li style=\"font-weight: 400;\" aria-level=\"1\"><span style=\"font-weight: 400;\">Sie haben das Recht, sich beim Pr\u00e4sidenten der Datenschutzbeh\u00f6rde zu beschweren, wenn Sie der Ansicht sind, dass die Verarbeitung Ihrer personenbezogenen Daten gegen die Bestimmungen der RODO verst\u00f6\u00dft.<\/span><\/li><\/ol><p>\u00a0<\/p><p><b>Cookies<\/b><\/p><p>\u00a0<\/p><ol><li style=\"font-weight: 400;\" aria-level=\"1\"><span style=\"font-weight: 400;\">Der Administrator teilt mit, dass der Shop \"Cookies\" (Cookie-Dateien) verwendet, die auf Ihrem Endger\u00e4t installiert werden. Dabei handelt es sich um kleine Textdateien, die sowohl vom System des Administrators als auch von den Systemen anderer Einrichtungen, deren Dienste der Administrator nutzt (z.B. Facebook, Google), gelesen werden k\u00f6nnen.<\/span><\/li><li style=\"font-weight: 400;\" aria-level=\"1\"><span style=\"font-weight: 400;\">Der Administrator verwendet Cookies f\u00fcr die folgenden Zwecke:<\/span><ol><li style=\"font-weight: 400;\" aria-level=\"2\"><span style=\"font-weight: 400;\">Gew\u00e4hrleistung des ordnungsgem\u00e4\u00dfen Funktionierens des Shops <\/span><span style=\"font-weight: 400;\">- Dank der Cookies ist es m\u00f6glich, dass der Shop reibungslos funktioniert, seine Funktionen genutzt werden k\u00f6nnen und man sich bequem zwischen den verschiedenen Unterseiten bewegen kann;<\/span><\/li><li style=\"font-weight: 400;\" aria-level=\"2\"><span style=\"font-weight: 400;\">das Surferlebnis im Shop zu verbessern <\/span><span style=\"font-weight: 400;\">- Cookies erm\u00f6glichen es, Fehler auf bestimmten Seiten zu erkennen und diese kontinuierlich zu verbessern;<\/span><\/li><li style=\"font-weight: 400;\" aria-level=\"2\"><span style=\"font-weight: 400;\">Erstellung von Statistiken<\/span><span style=\"font-weight: 400;\">- Cookies werden verwendet, um zu analysieren, wie die Nutzer den Shop nutzen. Dadurch ist es m\u00f6glich, den Shop kontinuierlich zu verbessern und seine Funktionsweise an die Pr\u00e4ferenzen der Nutzer anzupassen;<\/span><\/li><li style=\"font-weight: 400;\" aria-level=\"2\"><span style=\"font-weight: 400;\">Marketingaktivit\u00e4ten durchf\u00fchren<\/span><span style=\"font-weight: 400;\"> - Dank der Cookies kann der Administrator den Nutzern auf ihre Vorlieben zugeschnittene Werbung anbieten.<\/span><\/li><\/ol><\/li><li style=\"font-weight: 400;\" aria-level=\"1\"><span style=\"font-weight: 400;\">Der Administrator kann sowohl permanente als auch tempor\u00e4re (Sitzungs-)Dateien auf Ihrem Ger\u00e4t ablegen. Sitzungsdateien werden in der Regel gel\u00f6scht, wenn Sie Ihren Browser schlie\u00dfen, w\u00e4hrend permanente Dateien beim Schlie\u00dfen des Browsers nicht gel\u00f6scht werden.<\/span><\/li><li style=\"font-weight: 400;\" aria-level=\"1\"><span style=\"font-weight: 400;\">Informationen \u00fcber die vom Administrator verwendeten Cookies werden in der Leiste unten auf der Shop-Website angezeigt. Je nach Ihrer Entscheidung k\u00f6nnen Sie Cookies bestimmter Kategorien (mit Ausnahme der wesentlichen Cookies) aktivieren oder deaktivieren und diese Einstellungen jederzeit \u00e4ndern.<\/span><\/li><li style=\"font-weight: 400;\" aria-level=\"1\"><span style=\"font-weight: 400;\">Die durch Cookies gesammelten Daten erlauben es dem Administrator nicht, Sie zu identifizieren.<\/span><\/li><li style=\"font-weight: 400;\" aria-level=\"1\"><span style=\"font-weight: 400;\">Der Administrator verwendet die folgenden Cookies oder Tools, die diese verwenden:<\/span><\/li><\/ol><p>\u00a0<\/p><table><tbody><tr><td><p><b>WERKZEUG<\/b><\/p><\/td><td><p><b>LIEFERANT<\/b><\/p><\/td><td><p><b>FUNKTIONEN UND UMFANG DER ZU ERFASSENDEN DATEN<\/b><\/p><\/td><td><p><b>BETRIEBSZEITRAUM<\/b><\/p><\/td><\/tr><tr><td><p><span style=\"font-weight: 400;\">Erforderliche Cookies<\/span><\/p><\/td><td><p><span style=\"font-weight: 400;\">Verwalter<\/span><\/p><\/td><td><p><span style=\"font-weight: 400;\">Der Betrieb dieser Dateien ist f\u00fcr das ordnungsgem\u00e4\u00dfe Funktionieren der Shop-Website erforderlich, daher k\u00f6nnen Sie sie nicht deaktivieren. Dank dieser Dateien (die unter anderem die IP-Nummer Ihres Ger\u00e4ts erfassen) ist es unter anderem m\u00f6glich, Sie \u00fcber die auf der Shop-Website verwendeten Cookies zu informieren<\/span><\/p><\/td><td><p><span style=\"font-weight: 400;\">Bei den meisten der erforderlichen Cookies handelt es sich um Sitzungscookies, einige verbleiben jedoch f\u00fcr einen Zeitraum von sechs (6) Monaten oder bis zu ihrer L\u00f6schung auf Ihrem Endger\u00e4t;<\/span><\/p><\/td><\/tr><tr><td><p><span style=\"font-weight: 400;\">Google Analytics<\/span><\/p><\/td><td><p><span style=\"font-weight: 400;\">Google<\/span><\/p><\/td><td><p><span style=\"font-weight: 400;\">Mit diesem Tool k\u00f6nnen statistische Daten \u00fcber die Art und Weise, wie die Kunden den Shop nutzen, gesammelt werden, darunter die Anzahl der Besuche, die Dauer der Besuche, die verwendete Suchmaschine und der Standort. Die gesammelten Daten helfen, den Shop zu verbessern und ihn kundenfreundlicher zu gestalten.<\/span><\/p><\/td><td><p><span style=\"font-weight: 400;\">bis zu 2 Jahren oder bis sie entfernt werden (je nachdem, was zuerst eintritt)<\/span><\/p><\/td><\/tr><tr><td><p><span style=\"font-weight: 400;\">Facebook-Pixel<\/span><\/p><\/td><td><p><span style=\"font-weight: 400;\">Facebook<\/span><\/p><\/td><td><p><span style=\"font-weight: 400;\">Dieses Tool erm\u00f6glicht es, festzustellen, dass Sie den Shop besucht haben, um Sie mit Display-Werbung in den sozialen Netzwerken Facebook und Instagram anzusprechen und deren Wirksamkeit zu messen.<\/span><\/p><\/td><td><p><span style=\"font-weight: 400;\">bis zu 3 Monate oder bis sie entfernt werden (je nachdem, was zuerst eintritt)<\/span><\/p><\/td><\/tr><tr><td>\u00a0<\/td><td>\u00a0<\/td><td>\u00a0<\/td><td>\u00a0<\/td><\/tr><\/tbody><\/table><p><br \/><br \/><\/p><ol><li style=\"font-weight: 400;\" aria-level=\"1\"><span style=\"font-weight: 400;\">Mit den meisten g\u00e4ngigen Browsern k\u00f6nnen Sie \u00fcberpr\u00fcfen, ob Cookies auf Ihrem Endger\u00e4t installiert sind, sowie installierte Cookies l\u00f6schen und deren zuk\u00fcnftige Installation durch den Shop blockieren. Die Deaktivierung oder Einschr\u00e4nkung der Verwendung von Cookies kann jedoch zu erheblichen Schwierigkeiten bei der Nutzung des Shops f\u00fchren, z. B. in Form der Notwendigkeit, sich auf jeder Unterseite anzumelden, l\u00e4ngere Ladezeiten der Shop-Website, Einschr\u00e4nkungen bei der Nutzung bestimmter Funktionen.<\/span><\/li><\/ol><p>\u00a0<\/p><p><b>Schlussbestimmungen<\/b><\/p><p>\u00a0<\/p><p><span style=\"font-weight: 400;\">Soweit nicht in der Richtlinie geregelt, gelten die allgemein g\u00fcltigen Datenschutzbestimmungen.\u00a0<\/span><\/p><p><span style=\"font-weight: 400;\">Die Police ist ab dem 13.07.2024 g\u00fcltig.<\/span><\/p>\t\t\t\t\t\t<\/div>\n\t\t\t\t<\/div>\n\t\t\t\t\t<\/div>\n\t\t<\/div>\n\t\t\t\t\t<\/div>\n\t\t<\/section>\n\t\t\t\t<\/div>","protected":false},"excerpt":{"rendered":"<p>POLITYKA PRYWATNO\u015aCI SKLEPU M&amp;N KONIK Niniejsza Polityka prywatno\u015bci (dalej: \u201ePolityka\u201d) zawiera informacje na temat przetwarzania Twoich danych osobowych w zwi\u0105zku z korzystaniem ze sklepu internetowego ,,M&amp;N KONIK\u2019\u2019, dzia\u0142aj\u0105cego pod adresem internetowym https:\/\/gummies.konikhair.eu\/ (dalej: \u201eSklep\u201d).\u00a0 \u00a0 Wszelkie terminy pisane wielk\u0105 liter\u0105, kt\u00f3re nie zosta\u0142y zdefiniowane inaczej w Polityce maj\u0105 znaczenie nadane im w Regulaminie, dost\u0119pnym pod [&hellip;]<\/p>","protected":false},"author":1,"featured_media":0,"parent":0,"menu_order":0,"comment_status":"closed","ping_status":"closed","template":"template-fullwidth.php","meta":{"footnotes":""},"class_list":["post-211","page","type-page","status-publish","hentry"],"_links":{"self":[{"href":"https:\/\/gummies.konikhair.eu\/de\/wp-json\/wp\/v2\/pages\/211","targetHints":{"allow":["GET"]}}],"collection":[{"href":"https:\/\/gummies.konikhair.eu\/de\/wp-json\/wp\/v2\/pages"}],"about":[{"href":"https:\/\/gummies.konikhair.eu\/de\/wp-json\/wp\/v2\/types\/page"}],"author":[{"embeddable":true,"href":"https:\/\/gummies.konikhair.eu\/de\/wp-json\/wp\/v2\/users\/1"}],"replies":[{"embeddable":true,"href":"https:\/\/gummies.konikhair.eu\/de\/wp-json\/wp\/v2\/comments?post=211"}],"version-history":[{"count":7,"href":"https:\/\/gummies.konikhair.eu\/de\/wp-json\/wp\/v2\/pages\/211\/revisions"}],"predecessor-version":[{"id":390,"href":"https:\/\/gummies.konikhair.eu\/de\/wp-json\/wp\/v2\/pages\/211\/revisions\/390"}],"wp:attachment":[{"href":"https:\/\/gummies.konikhair.eu\/de\/wp-json\/wp\/v2\/media?parent=211"}],"curies":[{"name":"wp","href":"https:\/\/api.w.org\/{rel}","templated":true}]}}